{"id":33,"date":"2025-08-10T11:29:49","date_gmt":"2025-08-10T11:29:49","guid":{"rendered":"https:\/\/osnabrckerjugendchor-jsbvhc7v3e.live-website.com\/?page_id=33"},"modified":"2026-03-08T19:44:24","modified_gmt":"2026-03-08T17:44:24","slug":"home","status":"publish","type":"page","link":"https:\/\/os-jugendchor.de\/","title":{"rendered":"Homepage"},"content":{"rendered":"\n<div class=\"wp-block-cover alignfull\" style=\"min-height:505px;aspect-ratio:unset;\"><img loading=\"lazy\" decoding=\"async\" width=\"2048\" height=\"1365\" sizes=\"auto, (max-width: 799px) 200vw, (max-width: 2048px) 100vw, 2048px\" class=\"wp-block-cover__image-background wp-image-2261 size-full\" alt=\"\" src=\"https:\/\/osnabrckerjugendchor-jsbvhc7v3e.live-website.com\/wp-content\/uploads\/2026\/03\/52589323281_7530c33a5f_k.jpg\" style=\"object-position:45% 18%\" data-object-fit=\"cover\" data-object-position=\"45% 18%\" srcset=\"https:\/\/os-jugendchor.de\/wp-content\/uploads\/2026\/03\/52589323281_7530c33a5f_k.jpg 2048w, https:\/\/os-jugendchor.de\/wp-content\/uploads\/2026\/03\/52589323281_7530c33a5f_k-300x200.jpg 300w, https:\/\/os-jugendchor.de\/wp-content\/uploads\/2026\/03\/52589323281_7530c33a5f_k-1024x683.jpg 1024w, https:\/\/os-jugendchor.de\/wp-content\/uploads\/2026\/03\/52589323281_7530c33a5f_k-768x512.jpg 768w, https:\/\/os-jugendchor.de\/wp-content\/uploads\/2026\/03\/52589323281_7530c33a5f_k-1536x1024.jpg 1536w\" \/><span aria-hidden=\"true\" class=\"wp-block-cover__background has-background-dim-0 has-background-dim\"><\/span><div class=\"wp-block-cover__inner-container is-layout-constrained wp-block-cover-is-layout-constrained\">\n<h2 class=\"wp-block-heading alignfull has-text-align-center has-white-color has-text-color has-background has-link-color has-large-font-size wp-elements-6fc41e6c7cc1ac286c3d61bb3c560753\" style=\"background-color:#f04d3e9e;margin-top:var(--wp--preset--spacing--30);margin-bottom:0;padding-top:var(--wp--preset--spacing--30);padding-right:var(--wp--preset--spacing--50);padding-bottom:var(--wp--preset--spacing--30);padding-left:var(--wp--preset--spacing--50)\"><strong>Herzlich Willkommen beim Osnabr\u00fccker Jugendchor<\/strong><\/h2>\n\n\n\n<div style=\"height:20vh\" aria-hidden=\"true\" class=\"wp-block-spacer is-style-default\"><\/div>\n\n\n\n<div class=\"wp-block-buttons alignfull is-horizontal is-content-justification-right is-layout-flex wp-container-core-buttons-is-layout-25fd998a wp-block-buttons-is-layout-flex\">\n<div class=\"wp-block-button is-style-fill\"><a class=\"wp-block-button__link has-custom-font-size wp-element-button\" href=\"https:\/\/os-jugendchor.de#Mitsingen\" style=\"border-top-left-radius:0px;border-top-right-radius:50px;border-bottom-left-radius:50px;border-bottom-right-radius:0px;padding-top:var(--wp--preset--spacing--20);padding-right:var(--wp--preset--spacing--60);padding-bottom:var(--wp--preset--spacing--20);padding-left:var(--wp--preset--spacing--60);box-shadow:none;font-size:1em;line-height:2.2\"><strong>Lust mitzusingen?<\/strong><\/a><\/div>\n\n\n\n<div class=\"wp-block-button is-style-fill\"><a class=\"wp-block-button__link has-ast-global-color-5-background-color has-background has-text-align-left has-custom-font-size wp-element-button\" href=\"https:\/\/os-jugendchor.de\/index.php\/category\/veranstaltungen\/\" style=\"border-top-left-radius:0px;border-top-right-radius:80px;border-bottom-left-radius:80px;border-bottom-right-radius:0px;padding-top:var(--wp--preset--spacing--20);padding-right:var(--wp--preset--spacing--60);padding-bottom:var(--wp--preset--spacing--20);padding-left:var(--wp--preset--spacing--60);font-size:1em;font-style:normal;font-weight:200;line-height:2.2\"><strong>Veranstaltungen<br><\/strong>Aktuelle Konzerte und Gottesdienste<\/a><\/div>\n<\/div>\n<\/div><\/div>\n\n\n\n<div class=\"wp-block-group alignfull is-nowrap is-layout-flex wp-container-core-group-is-layout-fb7ad45e wp-block-group-is-layout-flex\" style=\"margin-top:0;margin-bottom:0;padding-top:0;padding-bottom:0\">\n<div class=\"wp-block-group alignwide has-ast-global-color-0-background-color has-background has-medium-font-size wp-container-content-9cfa9a5a is-vertical is-content-justification-center is-layout-flex wp-container-core-group-is-layout-e1ed4915 wp-block-group-is-layout-flex\" style=\"border-top-left-radius:0px;border-top-right-radius:0px;border-bottom-left-radius:80px;border-bottom-right-radius:80px;padding-top:var(--wp--preset--spacing--50);padding-right:var(--wp--preset--spacing--60);padding-bottom:var(--wp--preset--spacing--30);padding-left:var(--wp--preset--spacing--50)\">\n<p class=\"has-text-align-center has-white-color has-text-color has-link-color has-medium-font-size wp-elements-ca013ba1b752e37ebcb5d2a1109cfb68 wp-container-content-9cfa9a5a\">Wir sind ein Chor engagierter junger S\u00e4ngerinnen und S\u00e4nger, beheimatet am Osnabr\u00fccker Dom. Dort gestalten wir unter der Leitung von Clemens Breitschaft regelm\u00e4\u00dfig Liturgie und Konzerte auf anspruchsvollem Niveau.<\/p>\n\n\n\n<div class=\"wp-block-buttons is-content-justification-center is-layout-flex wp-container-core-buttons-is-layout-c35712be wp-block-buttons-is-layout-flex\" style=\"margin-top:var(--wp--preset--spacing--20);margin-bottom:var(--wp--preset--spacing--20);padding-top:0;padding-right:0;padding-bottom:0;padding-left:0\">\n<div class=\"wp-block-button\"><a class=\"wp-block-button__link has-ast-global-color-5-background-color has-background has-medium-font-size has-custom-font-size wp-element-button\" href=\"https:\/\/os-jugendchor.de\/index.php\/Vorstellung#Steckbrief\"><strong>Steckbrief<\/strong><\/a><\/div>\n\n\n\n<div class=\"wp-block-button\"><a class=\"wp-block-button__link has-ast-global-color-5-background-color has-background has-medium-font-size has-custom-font-size wp-element-button\" href=\"https:\/\/os-jugendchor.de\/index.php\/vorstellung#Wir\u00fcberuns\"><strong>Wir \u00fcber uns<\/strong><\/a><\/div>\n\n\n\n<div class=\"wp-block-button\"><a class=\"wp-block-button__link has-ast-global-color-5-background-color has-background has-medium-font-size has-custom-font-size wp-element-button\" href=\"https:\/\/os-jugendchor.de\/index.php\/biographie\/\"><strong>Biographie<\/strong><\/a><\/div>\n<\/div>\n<\/div>\n<\/div>\n\n\n\n<div style=\"height:54px\" aria-hidden=\"true\" class=\"wp-block-spacer\"><\/div>\n\n\n\n<div class=\"wp-block-group alignfull is-horizontal is-content-justification-left is-nowrap is-layout-flex wp-container-core-group-is-layout-926c88ee wp-block-group-is-layout-flex\" style=\"margin-top:0;margin-bottom:0;padding-top:0;padding-right:0;padding-bottom:0;padding-left:0\">\n<div class=\"wp-block-group alignfull has-ast-global-color-5-background-color has-background is-content-justification-center is-layout-constrained wp-container-core-group-is-layout-9fd9844a wp-block-group-is-layout-constrained\" style=\"border-top-left-radius:0em;border-top-right-radius:7em;border-bottom-left-radius:0em;border-bottom-right-radius:0px;border-top-style:none;border-top-width:0px;border-right-style:none;border-right-width:0px;border-bottom-style:none;border-bottom-width:0px;margin-top:0;margin-bottom:0;padding-top:var(--wp--preset--spacing--50);padding-right:var(--wp--preset--spacing--50);padding-bottom:var(--wp--preset--spacing--30);padding-left:var(--wp--preset--spacing--50)\">\n<div class=\"wp-block-group is-content-justification-left is-nowrap is-layout-flex wp-container-core-group-is-layout-4552e0e2 wp-block-group-is-layout-flex\" style=\"margin-top:0;margin-bottom:0;padding-top:0;padding-right:0;padding-bottom:0;padding-left:0\">\n<div class=\"wp-block-uagb-advanced-heading uagb-block-20dc16f0\"><h2 class=\"uagb-heading-text\">Unsere n\u00e4chsten Veranstaltungen<\/h2><\/div>\n\n\n\n<div aria-hidden=\"true\" class=\"wp-block-spacer\"><\/div>\n<\/div>\n\n\n\n\t\t\t<div class=\"wp-block-uagb-post-carousel uagb-post-grid  uagb-post__image-position-top uagb-post__image-enabled uagb-block-fca9ba7a     uagb-post__arrow-outside uagb-slick-carousel uagb-post__items uagb-post__columns-3 is-carousel uagb-post__columns-tablet-2 uagb-post__columns-mobile-1 uagb-post__carousel_equal-height\" data-total=\"1\" style=\"\">\n\n\t\t\t\t\t\t\t\t\t\t\t\t<article class=\"uagb-post__inner-wrap\">\t\t\t\t\t\t\t\t<div class='uagb-post__image'>\n\t\t\t\t\t\t\t\t\t<a href=\"https:\/\/os-jugendchor.de\/index.php\/2026\/01\/25\/abschlusskonzert-musica-sacra-festival\/\" target=\"_self\" rel=\"bookmark noopener noreferrer\"><img loading=\"lazy\" decoding=\"async\" width=\"2048\" height=\"1365\" src=\"https:\/\/os-jugendchor.de\/wp-content\/uploads\/2026\/03\/1_52588833882_adfd8fed82_k_2.jpg\" class=\"attachment-full size-full\" alt=\"\" srcset=\"https:\/\/os-jugendchor.de\/wp-content\/uploads\/2026\/03\/1_52588833882_adfd8fed82_k_2.jpg 2048w, https:\/\/os-jugendchor.de\/wp-content\/uploads\/2026\/03\/1_52588833882_adfd8fed82_k_2-300x200.jpg 300w, https:\/\/os-jugendchor.de\/wp-content\/uploads\/2026\/03\/1_52588833882_adfd8fed82_k_2-1024x683.jpg 1024w, https:\/\/os-jugendchor.de\/wp-content\/uploads\/2026\/03\/1_52588833882_adfd8fed82_k_2-768x512.jpg 768w, https:\/\/os-jugendchor.de\/wp-content\/uploads\/2026\/03\/1_52588833882_adfd8fed82_k_2-1536x1024.jpg 1536w\" sizes=\"auto, (max-width: 2048px) 100vw, 2048px\" \/>\t\t\t\t\t<\/a>\n\t\t\t\t\t\t\t\t\t<\/div>\n\t\t\t\t\t\t<h5 class=\"uagb-post__title uagb-post__text\">\n\t\t\t\t<a href=\"https:\/\/os-jugendchor.de\/index.php\/2026\/01\/25\/abschlusskonzert-musica-sacra-festival\/\" target=\"_self\" rel=\"bookmark noopener noreferrer\">Abschlusskonzert Musica Sacra-Festival<\/a>\n\t\t\t<\/h5>\n\t\t\t\t\t\t<div class='uagb-post__text uagb-post-grid-byline'>\n\t\t\t\t\t\t\t<\/div>\n\t\t\t\t\t\t\t<div class='uagb-post__text uagb-post__excerpt'>\n\t\t\t\t\t30.05.2026, 19:00 Uhr, Apostelkirche M\u00fcnster\t\t\t\t<\/div>\n\t\t\t\t\t\t<div class=\"uagb-post__text uagb-post__cta wp-block-button\">\n\t\t\t\t<a class=\"wp-block-button__link uagb-text-link\" style=\"\" href=\"https:\/\/os-jugendchor.de\/index.php\/2026\/01\/25\/abschlusskonzert-musica-sacra-festival\/\" target=\"_self\" rel=\"bookmark noopener noreferrer\">Mehr<\/a>\n\t\t\t<\/div>\n\t\t\t\n\t\t\t\t\t\t\t\t\t<\/article>\n\t\t\t\t\t\t\t\t\t\t\t\t\t\t\t\t<article class=\"uagb-post__inner-wrap\">\t\t\t\t\t\t\t\t<div class='uagb-post__image'>\n\t\t\t\t\t\t\t\t\t<a href=\"https:\/\/os-jugendchor.de\/index.php\/2026\/01\/25\/abschlusskonzert-musica-sacra-festival-ii\/\" target=\"_self\" rel=\"bookmark noopener noreferrer\"><img loading=\"lazy\" decoding=\"async\" width=\"2048\" height=\"1365\" src=\"https:\/\/os-jugendchor.de\/wp-content\/uploads\/2026\/03\/1_52588833882_adfd8fed82_k_2.jpg\" class=\"attachment-full size-full\" alt=\"\" srcset=\"https:\/\/os-jugendchor.de\/wp-content\/uploads\/2026\/03\/1_52588833882_adfd8fed82_k_2.jpg 2048w, https:\/\/os-jugendchor.de\/wp-content\/uploads\/2026\/03\/1_52588833882_adfd8fed82_k_2-300x200.jpg 300w, https:\/\/os-jugendchor.de\/wp-content\/uploads\/2026\/03\/1_52588833882_adfd8fed82_k_2-1024x683.jpg 1024w, https:\/\/os-jugendchor.de\/wp-content\/uploads\/2026\/03\/1_52588833882_adfd8fed82_k_2-768x512.jpg 768w, https:\/\/os-jugendchor.de\/wp-content\/uploads\/2026\/03\/1_52588833882_adfd8fed82_k_2-1536x1024.jpg 1536w\" sizes=\"auto, (max-width: 2048px) 100vw, 2048px\" \/>\t\t\t\t\t<\/a>\n\t\t\t\t\t\t\t\t\t<\/div>\n\t\t\t\t\t\t<h5 class=\"uagb-post__title uagb-post__text\">\n\t\t\t\t<a href=\"https:\/\/os-jugendchor.de\/index.php\/2026\/01\/25\/abschlusskonzert-musica-sacra-festival-ii\/\" target=\"_self\" rel=\"bookmark noopener noreferrer\">Abschlusskonzert Musica Sacra-Festival II<\/a>\n\t\t\t<\/h5>\n\t\t\t\t\t\t<div class='uagb-post__text uagb-post-grid-byline'>\n\t\t\t\t\t\t\t<\/div>\n\t\t\t\t\t\t\t<div class='uagb-post__text uagb-post__excerpt'>\n\t\t\t\t\t31.05.2026, 17:00 Uhr, Apostelkirche M\u00fcnster\t\t\t\t<\/div>\n\t\t\t\t\t\t<div class=\"uagb-post__text uagb-post__cta wp-block-button\">\n\t\t\t\t<a class=\"wp-block-button__link uagb-text-link\" style=\"\" href=\"https:\/\/os-jugendchor.de\/index.php\/2026\/01\/25\/abschlusskonzert-musica-sacra-festival-ii\/\" target=\"_self\" rel=\"bookmark noopener noreferrer\">Mehr<\/a>\n\t\t\t<\/div>\n\t\t\t\n\t\t\t\t\t\t\t\t\t<\/article>\n\t\t\t\t\t\t\t\t\t\t\t\t\t\t\t\t<article class=\"uagb-post__inner-wrap\">\t\t\t\t\t\t\t\t<div class='uagb-post__image'>\n\t\t\t\t\t\t\t\t\t<a href=\"https:\/\/os-jugendchor.de\/index.php\/2026\/01\/25\/sinfoniekonzert\/\" target=\"_self\" rel=\"bookmark noopener noreferrer\"><img loading=\"lazy\" decoding=\"async\" width=\"2048\" height=\"1365\" src=\"https:\/\/os-jugendchor.de\/wp-content\/uploads\/2026\/03\/1_40595298843_f6851f04b7_k_2.jpg\" class=\"attachment-full size-full\" alt=\"\" srcset=\"https:\/\/os-jugendchor.de\/wp-content\/uploads\/2026\/03\/1_40595298843_f6851f04b7_k_2.jpg 2048w, https:\/\/os-jugendchor.de\/wp-content\/uploads\/2026\/03\/1_40595298843_f6851f04b7_k_2-300x200.jpg 300w, https:\/\/os-jugendchor.de\/wp-content\/uploads\/2026\/03\/1_40595298843_f6851f04b7_k_2-1024x683.jpg 1024w, https:\/\/os-jugendchor.de\/wp-content\/uploads\/2026\/03\/1_40595298843_f6851f04b7_k_2-768x512.jpg 768w, https:\/\/os-jugendchor.de\/wp-content\/uploads\/2026\/03\/1_40595298843_f6851f04b7_k_2-1536x1024.jpg 1536w\" sizes=\"auto, (max-width: 2048px) 100vw, 2048px\" \/>\t\t\t\t\t<\/a>\n\t\t\t\t\t\t\t\t\t<\/div>\n\t\t\t\t\t\t<h5 class=\"uagb-post__title uagb-post__text\">\n\t\t\t\t<a href=\"https:\/\/os-jugendchor.de\/index.php\/2026\/01\/25\/sinfoniekonzert\/\" target=\"_self\" rel=\"bookmark noopener noreferrer\">8. Sinfoniekonzert &#8211; 25\/26<\/a>\n\t\t\t<\/h5>\n\t\t\t\t\t\t<div class='uagb-post__text uagb-post-grid-byline'>\n\t\t\t\t\t\t\t<\/div>\n\t\t\t\t\t\t\t<div class='uagb-post__text uagb-post__excerpt'>\n\t\t\t\t\t20.06.2026, 19:30 Uhr, Hoher Dom zu Osnabr\u00fcck\t\t\t\t<\/div>\n\t\t\t\t\t\t<div class=\"uagb-post__text uagb-post__cta wp-block-button\">\n\t\t\t\t<a class=\"wp-block-button__link uagb-text-link\" style=\"\" href=\"https:\/\/os-jugendchor.de\/index.php\/2026\/01\/25\/sinfoniekonzert\/\" target=\"_self\" rel=\"bookmark noopener noreferrer\">Mehr<\/a>\n\t\t\t<\/div>\n\t\t\t\n\t\t\t\t\t\t\t\t\t<\/article>\n\t\t\t\t\t\t\t\t\t\t\t\t\t\t\t\t<article class=\"uagb-post__inner-wrap\">\t\t\t\t\t\t\t\t<div class='uagb-post__image'>\n\t\t\t\t\t\t\t\t\t<a href=\"https:\/\/os-jugendchor.de\/index.php\/2026\/01\/25\/sinfoniekonzert-ii\/\" target=\"_self\" rel=\"bookmark noopener noreferrer\"><img loading=\"lazy\" decoding=\"async\" width=\"2048\" height=\"1365\" src=\"https:\/\/os-jugendchor.de\/wp-content\/uploads\/2026\/03\/1_40595298843_f6851f04b7_k_2.jpg\" class=\"attachment-full size-full\" alt=\"\" srcset=\"https:\/\/os-jugendchor.de\/wp-content\/uploads\/2026\/03\/1_40595298843_f6851f04b7_k_2.jpg 2048w, https:\/\/os-jugendchor.de\/wp-content\/uploads\/2026\/03\/1_40595298843_f6851f04b7_k_2-300x200.jpg 300w, https:\/\/os-jugendchor.de\/wp-content\/uploads\/2026\/03\/1_40595298843_f6851f04b7_k_2-1024x683.jpg 1024w, https:\/\/os-jugendchor.de\/wp-content\/uploads\/2026\/03\/1_40595298843_f6851f04b7_k_2-768x512.jpg 768w, https:\/\/os-jugendchor.de\/wp-content\/uploads\/2026\/03\/1_40595298843_f6851f04b7_k_2-1536x1024.jpg 1536w\" sizes=\"auto, (max-width: 2048px) 100vw, 2048px\" \/>\t\t\t\t\t<\/a>\n\t\t\t\t\t\t\t\t\t<\/div>\n\t\t\t\t\t\t<h5 class=\"uagb-post__title uagb-post__text\">\n\t\t\t\t<a href=\"https:\/\/os-jugendchor.de\/index.php\/2026\/01\/25\/sinfoniekonzert-ii\/\" target=\"_self\" rel=\"bookmark noopener noreferrer\">8. Sinfoniekonzert &#8211; 25\/26 II<\/a>\n\t\t\t<\/h5>\n\t\t\t\t\t\t<div class='uagb-post__text uagb-post-grid-byline'>\n\t\t\t\t\t\t\t<\/div>\n\t\t\t\t\t\t\t<div class='uagb-post__text uagb-post__excerpt'>\n\t\t\t\t\t22.06.2026, 19:30 Uhr, Hoher Dom zu Osnabr\u00fcck\t\t\t\t<\/div>\n\t\t\t\t\t\t<div class=\"uagb-post__text uagb-post__cta wp-block-button\">\n\t\t\t\t<a class=\"wp-block-button__link uagb-text-link\" style=\"\" href=\"https:\/\/os-jugendchor.de\/index.php\/2026\/01\/25\/sinfoniekonzert-ii\/\" target=\"_self\" rel=\"bookmark noopener noreferrer\">Mehr<\/a>\n\t\t\t<\/div>\n\t\t\t\n\t\t\t\t\t\t\t\t\t<\/article>\n\t\t\t\t\t\t\t\t\t\t\t<\/div>\n\t\t\t<\/div>\n\n\n\n<div style=\"margin-top:0;margin-bottom:0;height:5vw\" aria-hidden=\"true\" class=\"wp-block-spacer wp-container-content-1299c3d7\"><\/div>\n<\/div>\n\n\n\n<div style=\"height:54px\" aria-hidden=\"true\" class=\"wp-block-spacer\"><\/div>\n\n\n\n<div class=\"wp-block-group alignfull is-content-justification-right is-nowrap is-layout-flex wp-container-core-group-is-layout-d3b601c7 wp-block-group-is-layout-flex\" style=\"padding-top:0;padding-right:0;padding-bottom:0;padding-left:0\">\n<div style=\"margin-top:0;margin-bottom:0;height:100px;width:0px\" aria-hidden=\"true\" class=\"wp-block-spacer wp-container-content-1299c3d7\"><\/div>\n\n\n\n<div class=\"wp-block-group has-ast-global-color-4-background-color has-background is-vertical is-content-justification-left is-layout-flex wp-container-core-group-is-layout-e67005b4 wp-block-group-is-layout-flex\" style=\"border-top-left-radius:7em;margin-top:0;margin-bottom:0;padding-top:0;padding-right:0;padding-bottom:0;padding-left:0\">\n<div class=\"wp-block-media-text alignfull is-stacked-on-mobile is-vertically-aligned-top is-image-fill-element is-style-default has-ast-global-color-4-background-color has-background\" style=\"border-radius:0em;margin-top:0;margin-right:0;margin-bottom:0;margin-left:0;padding-top:0;padding-right:0;padding-bottom:0;padding-left:0;grid-template-columns:45% auto\" id=\"Mitsingen\"><figure class=\"wp-block-media-text__media\"><img loading=\"lazy\" decoding=\"async\" width=\"1024\" height=\"683\" src=\"https:\/\/osnabrckerjugendchor-jsbvhc7v3e.live-website.com\/wp-content\/uploads\/2025\/09\/245a6887jpg_54357134949_o-1024x683.jpg\" alt=\"\" class=\"wp-image-375 size-full\" style=\"object-position:50% 50%\" srcset=\"https:\/\/os-jugendchor.de\/wp-content\/uploads\/2025\/09\/245a6887jpg_54357134949_o-1024x683.jpg 1024w, https:\/\/os-jugendchor.de\/wp-content\/uploads\/2025\/09\/245a6887jpg_54357134949_o-scaled-600x400.jpg 600w, https:\/\/os-jugendchor.de\/wp-content\/uploads\/2025\/09\/245a6887jpg_54357134949_o-300x200.jpg 300w, https:\/\/os-jugendchor.de\/wp-content\/uploads\/2025\/09\/245a6887jpg_54357134949_o-768x512.jpg 768w, https:\/\/os-jugendchor.de\/wp-content\/uploads\/2025\/09\/245a6887jpg_54357134949_o-1536x1024.jpg 1536w, https:\/\/os-jugendchor.de\/wp-content\/uploads\/2025\/09\/245a6887jpg_54357134949_o-2048x1365.jpg 2048w\" sizes=\"auto, (max-width: 1024px) 100vw, 1024px\" \/><\/figure><div class=\"wp-block-media-text__content\">\n<div class=\"wp-block-group alignwide is-vertical is-content-justification-left is-layout-flex wp-container-core-group-is-layout-66525baf wp-block-group-is-layout-flex\" style=\"margin-top:0;margin-bottom:0;padding-top:0;padding-right:0;padding-bottom:0;padding-left:0\">\n<div class=\"wp-block-uagb-advanced-heading uagb-block-4bf6f1e9\"><div class=\"uagb-heading-text\"><strong>M\u00f6chtest auch Du mit uns singen?<\/strong><\/div><\/div>\n\n\n\n<p class=\"has-text-align-left\">Dann schreib uns gerne eine <a href=\"mailto:info@os-jugendchor.de\" data-type=\"mailto\" data-id=\"mailto:info@os-jugendchor.de\">Mail<\/a> oder komm direkt zu einer unserer Proben!<\/p>\n\n\n\n<div class=\"wp-block-uagb-advanced-heading uagb-block-b1e9a8bb\"><div class=\"uagb-heading-text\"><strong>Unsere Probenzeiten sind:<\/strong><\/div><\/div>\n\n\n\n<p class=\"has-text-align-left\">Montag, 19:00 &#8211; 20:30 Uhr: Tenor und Bass (M\u00e4nnerstimmen)<br>Mittwoch, 19:00 &#8211; 20:30 Uhr: Sopran und Alt (Frauenstimmen)<br>Freitag, 18:15 &#8211; 20:45 Uhr: tutti (alle)<\/p>\n\n\n\n<div class=\"wp-block-uagb-advanced-heading uagb-block-32fd79ca\"><div class=\"uagb-heading-text\"><strong>Voraussetzungen:<\/strong><\/div><\/div>\n\n\n\n<p class=\"has-text-align-left\">Du bist bei uns Herzlich Willkommen und gut aufgehoben, wenn Du viel Spa\u00df an Musik und Lust aufs gemeinsame Singen und Musizieren hast. Umfangreiche Chor- oder Gesangserfahrung ist nicht zwingend erforderlich, wenn auch hilfreich, da wir in unserer musikalischen Arbeit einen hohen Anspruch verfolgen.<br>Die regelm\u00e4\u00dfige Teilnahme an unseren Proben und Auftritten setzen wir voraus. Selbstverst\u00e4ndlich kannst Du auch erst einmal bei uns &#8222;reinschnuppern&#8220;.<\/p>\n\n\n\n<div class=\"wp-block-uagb-advanced-heading uagb-block-8dcf7106\"><div class=\"uagb-heading-text\"><strong>Probenort:<\/strong><\/div><\/div>\n\n\n\n<p>Chorsaal der Dommusik im Kreuzgang des Domes<\/p>\n<\/div>\n<\/div><\/div>\n\n\n\n<div class=\"wp-block-group is-nowrap is-layout-flex wp-container-core-group-is-layout-6c531013 wp-block-group-is-layout-flex\">\n<p style=\"padding-right:4px;padding-left:4px;font-size:10px\">Foto: Stefan St\u00e4rker<\/p>\n<\/div>\n<\/div>\n<\/div>\n\n\n\n<div style=\"height:54px\" aria-hidden=\"true\" class=\"wp-block-spacer\"><\/div>\n\n\n\n<div class=\"wp-block-group alignfull is-content-justification-left is-nowrap is-layout-flex wp-container-core-group-is-layout-03326440 wp-block-group-is-layout-flex\" style=\"margin-top:0;margin-bottom:0;padding-top:0;padding-right:0;padding-bottom:0;padding-left:0\">\n<div class=\"wp-block-group has-ast-global-color-5-background-color has-background wp-container-content-7b2c698b is-vertical is-layout-flex wp-container-core-group-is-layout-e9625309 wp-block-group-is-layout-flex\" style=\"border-top-right-radius:7em;padding-top:var(--wp--preset--spacing--60);padding-right:var(--wp--preset--spacing--60);padding-bottom:var(--wp--preset--spacing--60);padding-left:var(--wp--preset--spacing--60)\">\n<div class=\"wp-block-uagb-advanced-heading uagb-block-c23d732f\"><h2 class=\"uagb-heading-text\">Aktuelles<\/h2><\/div>\n\n\n\n<div class=\"wp-block-group is-nowrap is-layout-flex wp-container-core-group-is-layout-6c531013 wp-block-group-is-layout-flex\">\n<p class=\"has-white-color has-text-color has-link-color wp-elements-0bcdcd1631cd486f988ae47381ac361a\">Aktuelle Einblicke in unsere Chorarbeit vor und hinter den Kulissen findest Du auf unserer <a href=\"http:\/\/instagram.com\/osnabrueckerjugendchor\" target=\"_blank\" rel=\"noreferrer noopener\">Instagram-Seite<\/a>:<\/p>\n\n\n\n<ul class=\"wp-block-social-links has-large-icon-size has-icon-color has-icon-background-color is-style-default is-content-justification-left is-layout-flex wp-container-core-social-links-is-layout-430c4eff wp-block-social-links-is-layout-flex\" style=\"margin-top:0;margin-right:0;margin-bottom:0;margin-left:0\"><li style=\"color:#ffffff;background-color:var(--ast-global-color-0);\" class=\"wp-social-link wp-social-link-instagram has-white-color has-ast-global-color-0-background-color wp-block-social-link\"><a rel=\"noreferrer noopener noopener nofollow\" target=\"_blank\" href=\"https:\/\/instagram.com\/osnabrueckerjugendchor\" class=\"wp-block-social-link-anchor\"><svg width=\"24\" height=\"24\" viewBox=\"0 0 24 24\" version=\"1.1\" xmlns=\"http:\/\/www.w3.org\/2000\/svg\" aria-hidden=\"true\" focusable=\"false\"><path d=\"M12,4.622c2.403,0,2.688,0.009,3.637,0.052c0.877,0.04,1.354,0.187,1.671,0.31c0.42,0.163,0.72,0.358,1.035,0.673 c0.315,0.315,0.51,0.615,0.673,1.035c0.123,0.317,0.27,0.794,0.31,1.671c0.043,0.949,0.052,1.234,0.052,3.637 s-0.009,2.688-0.052,3.637c-0.04,0.877-0.187,1.354-0.31,1.671c-0.163,0.42-0.358,0.72-0.673,1.035 c-0.315,0.315-0.615,0.51-1.035,0.673c-0.317,0.123-0.794,0.27-1.671,0.31c-0.949,0.043-1.233,0.052-3.637,0.052 s-2.688-0.009-3.637-0.052c-0.877-0.04-1.354-0.187-1.671-0.31c-0.42-0.163-0.72-0.358-1.035-0.673 c-0.315-0.315-0.51-0.615-0.673-1.035c-0.123-0.317-0.27-0.794-0.31-1.671C4.631,14.688,4.622,14.403,4.622,12 s0.009-2.688,0.052-3.637c0.04-0.877,0.187-1.354,0.31-1.671c0.163-0.42,0.358-0.72,0.673-1.035 c0.315-0.315,0.615-0.51,1.035-0.673c0.317-0.123,0.794-0.27,1.671-0.31C9.312,4.631,9.597,4.622,12,4.622 M12,3 C9.556,3,9.249,3.01,8.289,3.054C7.331,3.098,6.677,3.25,6.105,3.472C5.513,3.702,5.011,4.01,4.511,4.511 c-0.5,0.5-0.808,1.002-1.038,1.594C3.25,6.677,3.098,7.331,3.054,8.289C3.01,9.249,3,9.556,3,12c0,2.444,0.01,2.751,0.054,3.711 c0.044,0.958,0.196,1.612,0.418,2.185c0.23,0.592,0.538,1.094,1.038,1.594c0.5,0.5,1.002,0.808,1.594,1.038 c0.572,0.222,1.227,0.375,2.185,0.418C9.249,20.99,9.556,21,12,21s2.751-0.01,3.711-0.054c0.958-0.044,1.612-0.196,2.185-0.418 c0.592-0.23,1.094-0.538,1.594-1.038c0.5-0.5,0.808-1.002,1.038-1.594c0.222-0.572,0.375-1.227,0.418-2.185 C20.99,14.751,21,14.444,21,12s-0.01-2.751-0.054-3.711c-0.044-0.958-0.196-1.612-0.418-2.185c-0.23-0.592-0.538-1.094-1.038-1.594 c-0.5-0.5-1.002-0.808-1.594-1.038c-0.572-0.222-1.227-0.375-2.185-0.418C14.751,3.01,14.444,3,12,3L12,3z M12,7.378 c-2.552,0-4.622,2.069-4.622,4.622S9.448,16.622,12,16.622s4.622-2.069,4.622-4.622S14.552,7.378,12,7.378z M12,15 c-1.657,0-3-1.343-3-3s1.343-3,3-3s3,1.343,3,3S13.657,15,12,15z M16.804,6.116c-0.596,0-1.08,0.484-1.08,1.08 s0.484,1.08,1.08,1.08c0.596,0,1.08-0.484,1.08-1.08S17.401,6.116,16.804,6.116z\"><\/path><\/svg><span class=\"wp-block-social-link-label screen-reader-text\">@osnabrueckerjugendchor<\/span><\/a><\/li><\/ul>\n<\/div>\n\n\n\n<figure class=\"wp-block-image size-large\"><a href=\"http:\/\/instagram.com\/osnabrueckerjugendchor\" target=\"_blank\" rel=\" noreferrer noopener\"><img loading=\"lazy\" decoding=\"async\" width=\"1024\" height=\"575\" src=\"https:\/\/osnabrckerjugendchor-jsbvhc7v3e.live-website.com\/wp-content\/uploads\/2026\/03\/schloss-erwitte-1024x575.webp\" alt=\"\" class=\"wp-image-2363\" srcset=\"https:\/\/os-jugendchor.de\/wp-content\/uploads\/2026\/03\/schloss-erwitte-1024x575.webp 1024w, https:\/\/os-jugendchor.de\/wp-content\/uploads\/2026\/03\/schloss-erwitte-300x168.webp 300w, https:\/\/os-jugendchor.de\/wp-content\/uploads\/2026\/03\/schloss-erwitte-768x431.webp 768w, https:\/\/os-jugendchor.de\/wp-content\/uploads\/2026\/03\/schloss-erwitte-1536x863.webp 1536w, https:\/\/os-jugendchor.de\/wp-content\/uploads\/2026\/03\/schloss-erwitte.webp 1820w\" sizes=\"auto, (max-width: 1024px) 100vw, 1024px\" \/><\/a><\/figure>\n<\/div>\n\n\n\n<div style=\"height:0px;width:0px\" aria-hidden=\"true\" class=\"wp-block-spacer wp-container-content-1299c3d7\"><\/div>\n<\/div>\n\n\n\n<div style=\"height:54px\" aria-hidden=\"true\" class=\"wp-block-spacer\"><\/div>\n\n\n\n<p><\/p>\n","protected":false},"excerpt":{"rendered":"<p>Wir sind ein Chor engagierter junger S\u00e4ngerinnen und S\u00e4nger, beheimatet am Osnabr\u00fccker Dom. Dort gestalten wir unter der Leitung von Clemens Breitschaft regelm\u00e4\u00dfig Liturgie und Konzerte auf anspruchsvollem Niveau. Unsere n\u00e4chsten Veranstaltungen M\u00f6chtest auch Du mit uns singen? Dann schreib uns gerne eine Mail oder komm direkt zu einer unserer Proben! Unsere Probenzeiten sind: Montag, [&hellip;]<\/p>\n","protected":false},"author":2,"featured_media":0,"parent":0,"menu_order":0,"comment_status":"closed","ping_status":"closed","template":"","meta":{"_uag_custom_page_level_css":"","site-sidebar-layout":"default","site-content-layout":"","ast-site-content-layout":"default","site-content-style":"default","site-sidebar-style":"default","ast-global-header-display":"","ast-banner-title-visibility":"","ast-main-header-display":"","ast-hfb-above-header-display":"","ast-hfb-below-header-display":"","ast-hfb-mobile-header-display":"","site-post-title":"disabled","ast-breadcrumbs-content":"","ast-featured-img":"","footer-sml-layout":"","ast-disable-related-posts":"","theme-transparent-header-meta":"","adv-header-id-meta":"","stick-header-meta":"","header-above-stick-meta":"","header-main-stick-meta":"","header-below-stick-meta":"","astra-migrate-meta-layouts":"default","ast-page-background-enabled":"default","ast-page-background-meta":{"desktop":{"background-color":"var(--ast-global-color-5)","background-image":"","background-repeat":"repeat","background-position":"center center","background-size":"auto","background-attachment":"scroll","background-type":"","background-media":"","overlay-type":"","overlay-color":"","overlay-opacity":"","overlay-gradient":""},"tablet":{"background-color":"","background-image":"","background-repeat":"repeat","background-position":"center center","background-size":"auto","background-attachment":"scroll","background-type":"","background-media":"","overlay-type":"","overlay-color":"","overlay-opacity":"","overlay-gradient":""},"mobile":{"background-color":"","background-image":"","background-repeat":"repeat","background-position":"center center","background-size":"auto","background-attachment":"scroll","background-type":"","background-media":"","overlay-type":"","overlay-color":"","overlay-opacity":"","overlay-gradient":""}},"ast-content-background-meta":{"desktop":{"background-color":"var(--ast-global-color-4)","background-image":"","background-repeat":"repeat","background-position":"center center","background-size":"auto","background-attachment":"scroll","background-type":"","background-media":"","overlay-type":"","overlay-color":"","overlay-opacity":"","overlay-gradient":""},"tablet":{"background-color":"var(--ast-global-color-4)","background-image":"","background-repeat":"repeat","background-position":"center center","background-size":"auto","background-attachment":"scroll","background-type":"","background-media":"","overlay-type":"","overlay-color":"","overlay-opacity":"","overlay-gradient":""},"mobile":{"background-color":"var(--ast-global-color-4)","background-image":"","background-repeat":"repeat","background-position":"center center","background-size":"auto","background-attachment":"scroll","background-type":"","background-media":"","overlay-type":"","overlay-color":"","overlay-opacity":"","overlay-gradient":""}},"footnotes":""},"class_list":["post-33","page","type-page","status-publish","hentry"],"uagb_featured_image_src":{"full":false,"thumbnail":false,"medium":false,"medium_large":false,"large":false,"1536x1536":false,"2048x2048":false},"uagb_author_info":{"display_name":"Richard Kullmann","author_link":"https:\/\/os-jugendchor.de\/index.php\/author\/richard\/"},"uagb_comment_info":0,"uagb_excerpt":"Wir sind ein Chor engagierter junger S\u00e4ngerinnen und S\u00e4nger, beheimatet am Osnabr\u00fccker Dom. Dort gestalten wir unter der Leitung von Clemens Breitschaft regelm\u00e4\u00dfig Liturgie und Konzerte auf anspruchsvollem Niveau. Unsere n\u00e4chsten Veranstaltungen M\u00f6chtest auch Du mit uns singen? Dann schreib uns gerne eine Mail oder komm direkt zu einer unserer Proben! Unsere Probenzeiten sind: Montag,&hellip;","_links":{"self":[{"href":"https:\/\/os-jugendchor.de\/index.php\/wp-json\/wp\/v2\/pages\/33","targetHints":{"allow":["GET"]}}],"collection":[{"href":"https:\/\/os-jugendchor.de\/index.php\/wp-json\/wp\/v2\/pages"}],"about":[{"href":"https:\/\/os-jugendchor.de\/index.php\/wp-json\/wp\/v2\/types\/page"}],"author":[{"embeddable":true,"href":"https:\/\/os-jugendchor.de\/index.php\/wp-json\/wp\/v2\/users\/2"}],"replies":[{"embeddable":true,"href":"https:\/\/os-jugendchor.de\/index.php\/wp-json\/wp\/v2\/comments?post=33"}],"version-history":[{"count":540,"href":"https:\/\/os-jugendchor.de\/index.php\/wp-json\/wp\/v2\/pages\/33\/revisions"}],"predecessor-version":[{"id":2427,"href":"https:\/\/os-jugendchor.de\/index.php\/wp-json\/wp\/v2\/pages\/33\/revisions\/2427"}],"wp:attachment":[{"href":"https:\/\/os-jugendchor.de\/index.php\/wp-json\/wp\/v2\/media?parent=33"}],"curies":[{"name":"wp","href":"https:\/\/api.w.org\/{rel}","templated":true}]}}