{"id":20,"date":"2025-08-10T11:02:40","date_gmt":"2025-08-10T11:02:40","guid":{"rendered":"https:\/\/osnabrckerjugendchor-jsbvhc7v3e.live-website.com\/?page_id=20"},"modified":"2026-03-23T13:02:17","modified_gmt":"2026-03-23T11:02:17","slug":"vorstellung","status":"publish","type":"page","link":"https:\/\/os-jugendchor.de\/index.php\/vorstellung\/","title":{"rendered":"Vorstellung"},"content":{"rendered":"\n<div class=\"wp-block-cover alignfull\" style=\"padding-top:0;padding-right:0;padding-bottom:0;padding-left:0;min-height:230px;aspect-ratio:unset;\"><img loading=\"lazy\" decoding=\"async\" width=\"1918\" height=\"886\" sizes=\"auto, (max-width: 799px) 200vw, (max-width: 1918px) 100vw, 1918px\" class=\"wp-block-cover__image-background wp-image-2357 size-full\" alt=\"\" src=\"https:\/\/osnabrckerjugendchor-jsbvhc7v3e.live-website.com\/wp-content\/uploads\/2026\/03\/ojcChorsaal01-1.jpg\" style=\"object-position:50% 20%\" data-object-fit=\"cover\" data-object-position=\"50% 20%\" srcset=\"https:\/\/os-jugendchor.de\/wp-content\/uploads\/2026\/03\/ojcChorsaal01-1.jpg 1918w, https:\/\/os-jugendchor.de\/wp-content\/uploads\/2026\/03\/ojcChorsaal01-1-300x139.jpg 300w, https:\/\/os-jugendchor.de\/wp-content\/uploads\/2026\/03\/ojcChorsaal01-1-1024x473.jpg 1024w, https:\/\/os-jugendchor.de\/wp-content\/uploads\/2026\/03\/ojcChorsaal01-1-768x355.jpg 768w, https:\/\/os-jugendchor.de\/wp-content\/uploads\/2026\/03\/ojcChorsaal01-1-1536x710.jpg 1536w\" \/><span aria-hidden=\"true\" class=\"wp-block-cover__background has-background-dim-0 has-background-dim\"><\/span><div class=\"wp-block-cover__inner-container is-layout-constrained wp-container-core-cover-is-layout-639b5052 wp-block-cover-is-layout-constrained\">\n<h2 class=\"wp-block-heading alignwide has-text-align-center has-white-color has-text-color has-background has-link-color has-large-font-size wp-elements-01ca83b10b9b588169884da4f166c3aa\" style=\"background-color:#f04d3e9e;margin-top:0;margin-bottom:0;padding-top:var(--wp--preset--spacing--30);padding-right:var(--wp--preset--spacing--50);padding-bottom:var(--wp--preset--spacing--30);padding-left:var(--wp--preset--spacing--50)\"><strong>\u00dcber uns<\/strong><\/h2>\n<\/div><\/div>\n\n\n\n<div style=\"height:54px;width:0px\" aria-hidden=\"true\" class=\"wp-block-spacer\"><\/div>\n\n\n\n<div class=\"wp-block-group alignfull is-content-justification-left is-nowrap is-layout-flex wp-container-core-group-is-layout-15711687 wp-block-group-is-layout-flex\" style=\"margin-top:0;margin-bottom:0;padding-top:0;padding-right:0;padding-bottom:0;padding-left:0\">\n<div id=\"Steckbrief\" class=\"wp-block-group has-ast-global-color-4-background-color has-background is-vertical is-layout-flex wp-container-core-group-is-layout-fe9cc265 wp-block-group-is-layout-flex\" style=\"border-top-right-radius:80px\">\n<div class=\"wp-block-columns tw-gutter-no is-layout-flex wp-container-core-columns-is-layout-1f5a0cdf wp-block-columns-is-layout-flex\" style=\"border-radius:0px;margin-top:0;margin-bottom:0;padding-top:0;padding-bottom:0\">\n<div class=\"wp-block-column has-ast-global-color-4-background-color has-background is-layout-flow wp-container-core-column-is-layout-8a368f38 wp-block-column-is-layout-flow\" style=\"--col-width:39%;flex-basis:39%\">\n<figure class=\"wp-block-image size-large\" style=\"margin-top:0;margin-right:0;margin-bottom:0;margin-left:0\"><img loading=\"lazy\" decoding=\"async\" width=\"779\" height=\"1024\" src=\"https:\/\/osnabrckerjugendchor-jsbvhc7v3e.live-website.com\/wp-content\/uploads\/2025\/09\/245a6865-verbessert-rrjpg_54358944428_o-scaled-e1772959662867-779x1024.jpg\" alt=\"\" class=\"wp-image-583\" srcset=\"https:\/\/os-jugendchor.de\/wp-content\/uploads\/2025\/09\/245a6865-verbessert-rrjpg_54358944428_o-scaled-e1772959662867-779x1024.jpg 779w, https:\/\/os-jugendchor.de\/wp-content\/uploads\/2025\/09\/245a6865-verbessert-rrjpg_54358944428_o-scaled-e1772959662867-228x300.jpg 228w, https:\/\/os-jugendchor.de\/wp-content\/uploads\/2025\/09\/245a6865-verbessert-rrjpg_54358944428_o-scaled-e1772959662867-768x1010.jpg 768w, https:\/\/os-jugendchor.de\/wp-content\/uploads\/2025\/09\/245a6865-verbessert-rrjpg_54358944428_o-scaled-e1772959662867-1168x1536.jpg 1168w, https:\/\/os-jugendchor.de\/wp-content\/uploads\/2025\/09\/245a6865-verbessert-rrjpg_54358944428_o-scaled-e1772959662867-1558x2048.jpg 1558w, https:\/\/os-jugendchor.de\/wp-content\/uploads\/2025\/09\/245a6865-verbessert-rrjpg_54358944428_o-scaled-e1772959662867.jpg 1707w\" sizes=\"auto, (max-width: 779px) 100vw, 779px\" \/><\/figure>\n\n\n\n<p class=\"has-text-align-right\" style=\"padding-right:4px;padding-left:4px;font-size:10px\">Foto: Stefan St\u00e4rker<\/p>\n<\/div>\n\n\n\n<div class=\"wp-block-column is-layout-flow wp-block-column-is-layout-flow\" style=\"--col-width:61%;border-radius:0px;flex-basis:61%\">\n<div class=\"wp-block-group has-ast-global-color-4-background-color has-background is-vertical is-layout-flex wp-container-core-group-is-layout-be833aff wp-block-group-is-layout-flex\" style=\"border-top-left-radius:0px;border-bottom-left-radius:0px;border-bottom-right-radius:0px;margin-top:0;margin-bottom:0;padding-top:var(--wp--preset--spacing--50);padding-right:var(--wp--preset--spacing--60);padding-bottom:var(--wp--preset--spacing--50);padding-left:var(--wp--preset--spacing--60)\">\n<div class=\"wp-block-group is-nowrap is-layout-flex wp-container-core-group-is-layout-1b6375f7 wp-block-group-is-layout-flex\" style=\"padding-top:0;padding-right:0;padding-bottom:0;padding-left:0\">\n<figure class=\"wp-block-image size-full is-resized\"><img loading=\"lazy\" decoding=\"async\" width=\"950\" height=\"952\" src=\"https:\/\/osnabrckerjugendchor-jsbvhc7v3e.live-website.com\/wp-content\/uploads\/2025\/08\/ojc-rot-modified.png\" alt=\"\" class=\"wp-image-36\" style=\"width:90px\" srcset=\"https:\/\/os-jugendchor.de\/wp-content\/uploads\/2025\/08\/ojc-rot-modified.png 950w, https:\/\/os-jugendchor.de\/wp-content\/uploads\/2025\/08\/ojc-rot-modified-300x300.png 300w, https:\/\/os-jugendchor.de\/wp-content\/uploads\/2025\/08\/ojc-rot-modified-150x150.png 150w, https:\/\/os-jugendchor.de\/wp-content\/uploads\/2025\/08\/ojc-rot-modified-768x770.png 768w, https:\/\/os-jugendchor.de\/wp-content\/uploads\/2025\/08\/ojc-rot-modified-90x90.png 90w\" sizes=\"auto, (max-width: 950px) 100vw, 950px\" \/><\/figure>\n\n\n\n<div class=\"wp-block-uagb-advanced-heading uagb-block-dd4555f3\"><p class=\"uagb-desc-text\">Mein Steckbrief<\/p><h2 class=\"uagb-heading-text\"><mark style=\"background-color:rgba(0, 0, 0, 0)\" class=\"has-inline-color has-ast-global-color-0-color\">Das bin ich! <\/mark><\/h2><\/div>\n<\/div>\n\n\n\n<div class=\"wp-block-columns tw-gutter-no is-layout-flex wp-container-core-columns-is-layout-d0b3c9c8 wp-block-columns-is-layout-flex\">\n<div class=\"wp-block-column is-layout-flow wp-container-core-column-is-layout-f016c79b wp-block-column-is-layout-flow\" style=\"--col-width:33.33%;padding-top:0;padding-right:0;padding-bottom:0;padding-left:0;flex-basis:33.33%\">\n<div class=\"wp-block-group is-vertical is-layout-flex wp-container-core-group-is-layout-a9b36fcb wp-block-group-is-layout-flex\" style=\"padding-right:0;padding-left:0\">\n<p><strong>Name:<br><\/strong>Osnabr\u00fccker Jugendchor<\/p>\n\n\n\n<p><strong>Spitzname:<br><\/strong>OJC<\/p>\n\n\n\n<p><strong>Rechtsform:<br><\/strong>eingetragener Verein (e.V.)<\/p>\n\n\n\n<p><strong>Geburtstag:<br><\/strong>08. M\u00e4rz 1974<\/p>\n\n\n\n<p><strong>aktive Mitglieder:<br><\/strong>etwa 30<\/p>\n\n\n\n<p><strong>Probenort:<br><\/strong>Chorsaal der Dommusik<\/p>\n\n\n\n<p style=\"margin-bottom:var(--wp--preset--spacing--20)\"><strong>Lieblingsurlaubsort:<br><\/strong><a href=\"http:\/\/domchorkotten.de\" target=\"_blank\" rel=\"noreferrer noopener\">Domchorkotten<\/a><\/p>\n<\/div>\n<\/div>\n\n\n\n<div class=\"wp-block-column is-layout-flow wp-container-core-column-is-layout-f016c79b wp-block-column-is-layout-flow\" style=\"--col-width:66.66%;padding-top:0;padding-right:0;padding-bottom:0;padding-left:0;flex-basis:66.66%\">\n<div class=\"wp-block-group is-vertical is-content-justification-left is-layout-flex wp-container-core-group-is-layout-655e710a wp-block-group-is-layout-flex\" style=\"padding-left:0\">\n<p><strong>Geschwister:<br><\/strong>Gemeinsam mit der <a href=\"https:\/\/dommusik-os.de\/choere-am-dom\/domsingschule\/\" target=\"_blank\" rel=\"noreferrer noopener\"><strong><mark style=\"background-color:rgba(0, 0, 0, 0);color:#e09900\" class=\"has-inline-color\">Domsingschule<\/mark><\/strong><\/a> und dem <strong><a href=\"https:\/\/dommusik-os.de\/choere-am-dom\/osnabruecker-domchor\/\" data-type=\"link\" data-id=\"https:\/\/dommusik-os.de\/choere-am-dom\/osnabruecker-domchor\/\" target=\"_blank\" rel=\"noreferrer noopener\"><mark style=\"background-color:rgba(0, 0, 0, 0);color:#bd5a54\" class=\"has-inline-color\">Domchor<\/mark><\/a><\/strong> <mark style=\"background-color:rgba(0, 0, 0, 0);color:#bd5a54\" class=\"has-inline-color\"><\/mark>bin ich Teil der Chorfamilie der Ch\u00f6re am Dom<\/p>\n\n\n\n<p><strong>Lieblingswerk:<br><\/strong>&#8222;Annelies&#8220; von James Whitbourn<br>auf Basis von Texten aus dem Tagebuch der Anne Frank<\/p>\n\n\n\n<p><strong>Repertoire:<\/strong><br>Schwerpunktm\u00e4\u00dfig besteht mein Repertoire aus geistlicher A-cappella-Chormusik von den Anf\u00e4ngen bis zur Gegenwart. Auch gro\u00dfe oratorische Werke und weltliche Chormusik sind Teil meines Programms.<\/p>\n\n\n\n<p><strong>Hobbys:<\/strong><\/p>\n\n\n\n<ul class=\"wp-block-list\">\n<li>Singen! <em>etwas offensichtlich<\/em><br>in Proben, Konzerten und Gottesdiensten<\/li>\n\n\n\n<li>Gemeinsame Zeit Verbringen auf Reisen, Chorfreizeiten oder auch beim Feiern<\/li>\n<\/ul>\n<\/div>\n<\/div>\n<\/div>\n<\/div>\n<\/div>\n<\/div>\n<\/div>\n\n\n\n<div style=\"height:100px;width:0px\" aria-hidden=\"true\" class=\"wp-block-spacer wp-container-content-69233f62\"><\/div>\n<\/div>\n\n\n\n<div style=\"height:54px;width:0px\" aria-hidden=\"true\" class=\"wp-block-spacer\"><\/div>\n\n\n\n<div class=\"wp-block-group alignfull is-content-justification-left is-nowrap is-layout-flex wp-container-core-group-is-layout-15711687 wp-block-group-is-layout-flex\" style=\"margin-top:0;margin-bottom:0;padding-top:0;padding-right:0;padding-bottom:0;padding-left:0\">\n<div style=\"height:100px\" aria-hidden=\"true\" class=\"wp-block-spacer wp-container-content-bdf53215\"><\/div>\n\n\n\n<div id=\"Wir\u00fcberuns\" class=\"wp-block-group has-ast-global-color-5-background-color has-background is-vertical is-content-justification-right is-layout-flex wp-container-core-group-is-layout-739bcbf5 wp-block-group-is-layout-flex\" style=\"border-top-left-radius:80px;border-top-right-radius:0px;border-bottom-left-radius:0px;border-bottom-right-radius:0px;margin-top:0;margin-bottom:0;padding-top:var(--wp--preset--spacing--50);padding-right:var(--wp--preset--spacing--60);padding-bottom:var(--wp--preset--spacing--50);padding-left:var(--wp--preset--spacing--60)\">\n<div class=\"wp-block-group is-content-justification-right is-nowrap is-layout-flex wp-container-core-group-is-layout-bf063a36 wp-block-group-is-layout-flex\" style=\"margin-top:0;margin-bottom:0;padding-top:0;padding-right:0;padding-bottom:0;padding-left:0\">\n<div aria-hidden=\"true\" class=\"wp-block-spacer wp-container-content-9cfa9a5a\"><\/div>\n\n\n\n<div class=\"wp-block-uagb-advanced-heading uagb-block-f47493c2\"><h2 class=\"uagb-heading-text\">Wir \u00fcber uns<\/h2><\/div>\n<\/div>\n\n\n\n<div class=\"wp-block-group is-vertical is-content-justification-right is-layout-flex wp-container-core-group-is-layout-fe062075 wp-block-group-is-layout-flex\" style=\"margin-top:0;margin-bottom:0\">\n<div class=\"wp-block-media-text has-media-on-the-right is-stacked-on-mobile is-vertically-aligned-top tw-stack-md tw-media-bottom\" style=\"grid-template-columns:auto 20%\"><div class=\"wp-block-media-text__content\">\n<div class=\"wp-block-uagb-blockquote uagb-block-bfe844e0 uagb-blockquote__skin-quotation uagb-blockquote__align-right uagb-blockquote__style-style_2 uagb-blockquote__stack-img-none\"><blockquote class=\"uagb-blockquote\"><span class=\"uagb-blockquote__icon\"><svg width=\"20\" height=\"20\" viewBox=\"0 0 32 32\"><path d=\"M7.031 14c3.866 0 7 3.134 7 7s-3.134 7-7 7-7-3.134-7-7l-0.031-1c0-7.732 6.268-14 14-14v4c-2.671 0-5.182 1.040-7.071 2.929-0.364 0.364-0.695 0.751-0.995 1.157 0.357-0.056 0.724-0.086 1.097-0.086zM25.031 14c3.866 0 7 3.134 7 7s-3.134 7-7 7-7-3.134-7-7l-0.031-1c0-7.732 6.268-14 14-14v4c-2.671 0-5.182 1.040-7.071 2.929-0.364 0.364-0.695 0.751-0.995 1.157 0.358-0.056 0.724-0.086 1.097-0.086z\"><\/path><\/svg><\/span><div class=\"uagb-blockquote__content\"><br>Der OJC ist sehr wichtig f\u00fcr mich und ich kann mir ein Leben ohne das Singen dort nicht vorstellen. \u00dcber den Chor habe ich viele meiner Freunde kennengelernt und unvergessliche Erinnerungen auf Chorreisen, in Konzerten oder bei Proben gesammelt, weswegen ich sehr dankbar und froh bin, ein Teil dieser tollen Gemeinschaft zu sein.<br><strong><mark style=\"background-color:rgba(0, 0, 0, 0)\" class=\"has-inline-color has-ast-global-color-0-color\">________________<\/mark><\/strong><\/div><footer><div class=\"uagb-blockquote__author-wrap uagb-blockquote__author-at-left\"><cite class=\"uagb-blockquote__author\"><strong>Franziska Bodde<\/strong><br><sup><mark style=\"background-color:rgba(0, 0, 0, 0);color:#ffffff\" class=\"has-inline-color\">Sopran<\/mark><\/sup><\/cite><\/div><\/footer><\/blockquote><\/div>\n<\/div><figure class=\"wp-block-media-text__media\"><img decoding=\"async\" src=\"https:\/\/os-jugendchor.de\/wp-content\/uploads\/2026\/03\/Foto-Franziska-Bodde-II-1.jpg\" alt=\"\" class=\"wp-image-2434 size-full\"\/><\/figure><\/div>\n\n\n\n<div class=\"wp-block-media-text has-media-on-the-right is-stacked-on-mobile is-vertically-aligned-top tw-stack-md tw-media-bottom\" style=\"grid-template-columns:auto 20%\"><div class=\"wp-block-media-text__content\">\n<div class=\"wp-block-uagb-blockquote uagb-block-7e0acffa uagb-blockquote__skin-quotation uagb-blockquote__align-right uagb-blockquote__style-style_2 uagb-blockquote__stack-img-none\"><blockquote class=\"uagb-blockquote\"><span class=\"uagb-blockquote__icon\"><svg width=\"20\" height=\"20\" viewBox=\"0 0 32 32\"><path d=\"M7.031 14c3.866 0 7 3.134 7 7s-3.134 7-7 7-7-3.134-7-7l-0.031-1c0-7.732 6.268-14 14-14v4c-2.671 0-5.182 1.040-7.071 2.929-0.364 0.364-0.695 0.751-0.995 1.157 0.357-0.056 0.724-0.086 1.097-0.086zM25.031 14c3.866 0 7 3.134 7 7s-3.134 7-7 7-7-3.134-7-7l-0.031-1c0-7.732 6.268-14 14-14v4c-2.671 0-5.182 1.040-7.071 2.929-0.364 0.364-0.695 0.751-0.995 1.157 0.358-0.056 0.724-0.086 1.097-0.086z\"><\/path><\/svg><\/span><div class=\"uagb-blockquote__content\"><br>Im Jugendchor finde ich nicht nur gro\u00dfartige Musik, sondern auch Gemeinschaft, Vertrauen und immer wieder einen Ort, an dem ich mich zuhause f\u00fchle. An diesem Ort wird gesungen, gelacht und f\u00fcr einen Moment treten Sorgen und Stress in den Hintergrund.<br><mark style=\"background-color:rgba(0, 0, 0, 0)\" class=\"has-inline-color has-ast-global-color-0-color\"><strong>________________<\/strong><\/mark><\/div><footer><div class=\"uagb-blockquote__author-wrap uagb-blockquote__author-at-left\"><cite class=\"uagb-blockquote__author\"><strong>Leo Kullmann<br><\/strong><sup><mark style=\"background-color:rgba(0, 0, 0, 0);color:#ffffff\" class=\"has-inline-color\">Bass<\/mark><\/sup><\/cite><\/div><\/footer><\/blockquote><\/div>\n<\/div><figure class=\"wp-block-media-text__media\"><img loading=\"lazy\" decoding=\"async\" width=\"1024\" height=\"769\" src=\"https:\/\/os-jugendchor.de\/wp-content\/uploads\/2026\/03\/Foto-Leo-Kullmann-1024x769.jpg\" alt=\"\" class=\"wp-image-2429 size-full\" srcset=\"https:\/\/os-jugendchor.de\/wp-content\/uploads\/2026\/03\/Foto-Leo-Kullmann-1024x769.jpg 1024w, https:\/\/os-jugendchor.de\/wp-content\/uploads\/2026\/03\/Foto-Leo-Kullmann-300x225.jpg 300w, https:\/\/os-jugendchor.de\/wp-content\/uploads\/2026\/03\/Foto-Leo-Kullmann-768x577.jpg 768w, https:\/\/os-jugendchor.de\/wp-content\/uploads\/2026\/03\/Foto-Leo-Kullmann-1536x1153.jpg 1536w, https:\/\/os-jugendchor.de\/wp-content\/uploads\/2026\/03\/Foto-Leo-Kullmann-2048x1538.jpg 2048w\" sizes=\"auto, (max-width: 1024px) 100vw, 1024px\" \/><\/figure><\/div>\n\n\n\n<div class=\"wp-block-media-text has-media-on-the-right is-stacked-on-mobile is-vertically-aligned-top tw-stack-md tw-media-bottom\" style=\"grid-template-columns:auto 20%\"><div class=\"wp-block-media-text__content\">\n<div class=\"wp-block-uagb-blockquote uagb-block-c70fa74f uagb-blockquote__skin-quotation uagb-blockquote__align-right uagb-blockquote__style-style_2 uagb-blockquote__stack-img-none\"><blockquote class=\"uagb-blockquote\"><span class=\"uagb-blockquote__icon\"><svg width=\"20\" height=\"20\" viewBox=\"0 0 32 32\"><path d=\"M7.031 14c3.866 0 7 3.134 7 7s-3.134 7-7 7-7-3.134-7-7l-0.031-1c0-7.732 6.268-14 14-14v4c-2.671 0-5.182 1.040-7.071 2.929-0.364 0.364-0.695 0.751-0.995 1.157 0.357-0.056 0.724-0.086 1.097-0.086zM25.031 14c3.866 0 7 3.134 7 7s-3.134 7-7 7-7-3.134-7-7l-0.031-1c0-7.732 6.268-14 14-14v4c-2.671 0-5.182 1.040-7.071 2.929-0.364 0.364-0.695 0.751-0.995 1.157 0.358-0.056 0.724-0.086 1.097-0.086z\"><\/path><\/svg><\/span><div class=\"uagb-blockquote__content\"><br>Das Singen im Osnabr\u00fccker Jugendchor ist f\u00fcr mich weit mehr als nur ein Hobby. Ich bin Teil einer gro\u00dfen Gemeinschaft, in der jeder Einzelne dazu beitr\u00e4gt, beeindruckende Kl\u00e4nge entstehen zu lassen. Der Chor hat meine musikalische, aber auch meine pers\u00f6nliche Entwicklung gef\u00f6rdert. Hier wurde mir Raum geboten, zu wachsen und zu reifen und ich habe Freunde f\u00fcrs Leben gefunden. <br><mark style=\"background-color:rgba(0, 0, 0, 0)\" class=\"has-inline-color has-ast-global-color-0-color\"><strong>________________<\/strong><\/mark><\/div><footer><div class=\"uagb-blockquote__author-wrap uagb-blockquote__author-at-left\"><cite class=\"uagb-blockquote__author\"><strong>Favour Panje<br><\/strong><sup><mark style=\"background-color:rgba(0, 0, 0, 0);color:#ffffff\" class=\"has-inline-color\">Alt<\/mark><\/sup><\/cite><\/div><\/footer><\/blockquote><\/div>\n<\/div><figure class=\"wp-block-media-text__media\"><img loading=\"lazy\" decoding=\"async\" width=\"1024\" height=\"769\" src=\"https:\/\/os-jugendchor.de\/wp-content\/uploads\/2026\/03\/Foto-Favour-Panje-1024x769.jpg\" alt=\"\" class=\"wp-image-2430 size-full\" srcset=\"https:\/\/os-jugendchor.de\/wp-content\/uploads\/2026\/03\/Foto-Favour-Panje-1024x769.jpg 1024w, https:\/\/os-jugendchor.de\/wp-content\/uploads\/2026\/03\/Foto-Favour-Panje-300x225.jpg 300w, https:\/\/os-jugendchor.de\/wp-content\/uploads\/2026\/03\/Foto-Favour-Panje-768x577.jpg 768w, https:\/\/os-jugendchor.de\/wp-content\/uploads\/2026\/03\/Foto-Favour-Panje-1536x1153.jpg 1536w, https:\/\/os-jugendchor.de\/wp-content\/uploads\/2026\/03\/Foto-Favour-Panje-2048x1538.jpg 2048w\" sizes=\"auto, (max-width: 1024px) 100vw, 1024px\" \/><\/figure><\/div>\n<\/div>\n<\/div>\n<\/div>\n\n\n\n<div style=\"height:54px;width:0px\" aria-hidden=\"true\" class=\"wp-block-spacer\"><\/div>\n\n\n\n<div class=\"wp-block-group alignfull is-content-justification-left is-nowrap is-layout-flex wp-container-core-group-is-layout-2b6f0b9f wp-block-group-is-layout-flex\" style=\"margin-top:0;margin-bottom:0;padding-top:0;padding-right:0;padding-bottom:0;padding-left:0\">\n<div class=\"wp-block-columns are-vertically-aligned-top has-ast-global-color-4-background-color has-background tw-gutter-no wp-container-content-26960d2b is-layout-flex wp-container-core-columns-is-layout-6039c990 wp-block-columns-is-layout-flex\" style=\"border-top-left-radius:0px;border-top-right-radius:80px;margin-top:0;margin-right:0;margin-bottom:0;margin-left:0;padding-top:0;padding-right:0;padding-bottom:0;padding-left:0\">\n<div class=\"wp-block-column is-layout-flow wp-container-core-column-is-layout-d0228d13 wp-block-column-is-layout-flow\" style=\"--col-width:50%;padding-top:var(--wp--preset--spacing--40);padding-right:var(--wp--preset--spacing--40);padding-bottom:var(--wp--preset--spacing--40);padding-left:var(--wp--preset--spacing--40);flex-basis:50%\">\n<div class=\"wp-block-group alignfull is-vertical is-content-justification-left is-layout-flex wp-container-core-group-is-layout-47ad91bd wp-block-group-is-layout-flex\" style=\"margin-top:0;margin-bottom:0;padding-top:var(--wp--preset--spacing--20);padding-right:0;padding-bottom:0;padding-left:var(--wp--preset--spacing--40)\">\n<h3 class=\"wp-block-heading\" id=\"Chorleitung\" style=\"padding-top:0;padding-right:0;padding-bottom:0;padding-left:0\">Chorleitung<\/h3>\n\n\n\n<p style=\"padding-right:0;padding-left:0\">Chorleiter des Osnabr\u00fccker Jugendchores ist <strong><a href=\"https:\/\/os-jugendchor.de\/index.php\/chorleitung\/clemens-breitschaft\/\" data-type=\"page\" data-id=\"74\">Clemens Breitschaft<\/a><\/strong>.<\/p>\n<\/div>\n<\/div>\n\n\n\n<div class=\"wp-block-column is-layout-flow wp-container-core-column-is-layout-1396dd20 wp-block-column-is-layout-flow\" style=\"--col-width:50%;padding-top:0;padding-right:0;padding-bottom:0;padding-left:0;flex-basis:50%\">\n<figure class=\"wp-block-image size-full\" style=\"margin-top:0;margin-right:0;margin-bottom:0;margin-left:0\"><a href=\"https:\/\/osnabrckerjugendchor-jsbvhc7v3e.live-website.com\/index.php\/chorleitung\/clemens-breitschaft\/\"><img loading=\"lazy\" decoding=\"async\" width=\"2048\" height=\"1365\" src=\"https:\/\/osnabrckerjugendchor-jsbvhc7v3e.live-website.com\/wp-content\/uploads\/2026\/02\/51948497068_4da7f3e890_k.jpg\" alt=\"\" class=\"wp-image-2006\" srcset=\"https:\/\/os-jugendchor.de\/wp-content\/uploads\/2026\/02\/51948497068_4da7f3e890_k.jpg 2048w, https:\/\/os-jugendchor.de\/wp-content\/uploads\/2026\/02\/51948497068_4da7f3e890_k-300x200.jpg 300w, https:\/\/os-jugendchor.de\/wp-content\/uploads\/2026\/02\/51948497068_4da7f3e890_k-1024x683.jpg 1024w, https:\/\/os-jugendchor.de\/wp-content\/uploads\/2026\/02\/51948497068_4da7f3e890_k-768x512.jpg 768w, https:\/\/os-jugendchor.de\/wp-content\/uploads\/2026\/02\/51948497068_4da7f3e890_k-1536x1024.jpg 1536w\" sizes=\"auto, (max-width: 2048px) 100vw, 2048px\" \/><\/a><\/figure>\n\n\n\n<p style=\"padding-right:4px;padding-left:4px;font-size:10px\">Foto: Jan Meyer-Arling<\/p>\n<\/div>\n<\/div>\n\n\n\n<div style=\"height:100px\" aria-hidden=\"true\" class=\"wp-block-spacer wp-container-content-9fac21de\"><\/div>\n<\/div>\n\n\n\n<div style=\"height:54px;width:0px\" aria-hidden=\"true\" class=\"wp-block-spacer\"><\/div>\n\n\n\n<div class=\"wp-block-group alignfull is-content-justification-right is-nowrap is-layout-flex wp-container-core-group-is-layout-5e29acd4 wp-block-group-is-layout-flex\" style=\"margin-top:0;margin-bottom:0;padding-top:0;padding-right:0;padding-bottom:0;padding-left:0\">\n<div style=\"height:100px;width:0px\" aria-hidden=\"true\" class=\"wp-block-spacer wp-container-content-9fac21de\"><\/div>\n\n\n\n<div class=\"wp-block-group has-white-color has-text-color has-background has-link-color wp-elements-14a5dcec28f3be0067e0d6741d680ecd wp-container-content-9cfa9a5a is-vertical is-content-justification-right is-layout-flex wp-container-core-group-is-layout-6b47620d wp-block-group-is-layout-flex\" style=\"border-top-left-radius:80px;border-top-right-radius:0px;background:linear-gradient(90deg,rgb(224,153,0) 0%,rgb(240,77,63) 100%);margin-top:0;margin-bottom:0;padding-top:0;padding-right:0;padding-bottom:0;padding-left:0\">\n<div class=\"wp-block-columns are-vertically-aligned-center tw-gutter-no is-layout-flex wp-container-core-columns-is-layout-03de703c wp-block-columns-is-layout-flex\" style=\"border-top-right-radius:0px;margin-top:0;margin-bottom:0;padding-top:0;padding-right:var(--wp--preset--spacing--50);padding-bottom:0;padding-left:var(--wp--preset--spacing--50)\">\n<div class=\"wp-block-column is-vertically-aligned-center is-layout-flow wp-container-core-column-is-layout-f016c79b wp-block-column-is-layout-flow\" style=\"--col-width:20%;padding-top:0;padding-right:0;padding-bottom:0;padding-left:0;flex-basis:20%\">\n<figure class=\"wp-block-image aligncenter size-full\" style=\"margin-top:var(--wp--preset--spacing--40);margin-right:0;margin-bottom:0;margin-left:0\"><a href=\"https:\/\/dommusik-os.de\/\"><img loading=\"lazy\" decoding=\"async\" width=\"220\" height=\"89\" src=\"https:\/\/osnabrckerjugendchor-jsbvhc7v3e.live-website.com\/wp-content\/uploads\/2025\/09\/logo_dommusik_web-e1526906059533-2.png\" alt=\"\" class=\"wp-image-862\"\/><\/a><\/figure>\n<\/div>\n\n\n\n<div class=\"wp-block-column is-vertically-aligned-center is-layout-flow wp-container-core-column-is-layout-f016c79b wp-block-column-is-layout-flow\" style=\"--col-width:80%;padding-top:0;padding-right:0;padding-bottom:0;padding-left:0;flex-basis:80%\">\n<div class=\"wp-block-group is-vertical is-layout-flex wp-container-core-group-is-layout-cc16576d wp-block-group-is-layout-flex\" style=\"padding-top:var(--wp--preset--spacing--40);padding-right:var(--wp--preset--spacing--40);padding-bottom:var(--wp--preset--spacing--40);padding-left:var(--wp--preset--spacing--40)\">\n<h3 class=\"wp-block-heading has-white-color has-text-color has-link-color wp-elements-6af7956fb0f2e6442fc6321677e28db7\" id=\"Dommusik\" style=\"margin-top:0;margin-right:0;margin-bottom:0;padding-top:0;padding-right:0;padding-bottom:0;padding-left:0\">Dommusik<\/h3>\n\n\n\n<p class=\"has-white-color has-text-color has-link-color wp-elements-0483ab9e4e964bf4f3fcb6ef5fc0f82b\" style=\"margin-top:0;margin-right:0;margin-bottom:0;margin-left:0;padding-top:0;padding-right:0;padding-bottom:0;padding-left:0\">Der Osnabr\u00fccker Jugendchor ist Teil der Osnabr\u00fccker Dommusik. Mehr zur Osnabr\u00fccker Dommusik finden Sie unter <a href=\"https:\/\/dommusik-os.de\/\" target=\"_blank\" rel=\"noreferrer noopener\">https:\/\/dommusik-os.de\/<\/a>.<\/p>\n<\/div>\n<\/div>\n<\/div>\n\n\n\n<figure class=\"wp-block-image aligncenter size-large wp-container-content-9cfa9a5a\" style=\"margin-top:0;margin-right:0;margin-bottom:0;margin-left:0\"><a href=\"http:\/\/dommusik-os.de\"><img loading=\"lazy\" decoding=\"async\" width=\"1024\" height=\"387\" src=\"https:\/\/osnabrckerjugendchor-jsbvhc7v3e.live-website.com\/wp-content\/uploads\/2026\/02\/49346495092_bc96fd0811_k-1-1024x387.jpg\" alt=\"\" class=\"wp-image-2104\" style=\"object-fit:cover\" srcset=\"https:\/\/os-jugendchor.de\/wp-content\/uploads\/2026\/02\/49346495092_bc96fd0811_k-1-1024x387.jpg 1024w, https:\/\/os-jugendchor.de\/wp-content\/uploads\/2026\/02\/49346495092_bc96fd0811_k-1-300x113.jpg 300w, https:\/\/os-jugendchor.de\/wp-content\/uploads\/2026\/02\/49346495092_bc96fd0811_k-1-768x290.jpg 768w, https:\/\/os-jugendchor.de\/wp-content\/uploads\/2026\/02\/49346495092_bc96fd0811_k-1-1536x581.jpg 1536w, https:\/\/os-jugendchor.de\/wp-content\/uploads\/2026\/02\/49346495092_bc96fd0811_k-1.jpg 2048w\" sizes=\"auto, (max-width: 1024px) 100vw, 1024px\" \/><\/a><\/figure>\n\n\n\n<p class=\"has-text-align-right\" style=\"margin-right:4px;margin-left:4px;font-size:10px\">Foto: Jan Meyer-Arling<\/p>\n<\/div>\n<\/div>\n\n\n\n<div style=\"height:54px;width:0px\" aria-hidden=\"true\" class=\"wp-block-spacer\"><\/div>\n\n\n\n\n\n\n\n\n","protected":false},"excerpt":{"rendered":"<p>Foto: Stefan St\u00e4rker Mein Steckbrief Das bin ich! Name:Osnabr\u00fccker Jugendchor Spitzname:OJC Rechtsform:eingetragener Verein (e.V.) Geburtstag:08. M\u00e4rz 1974 aktive Mitglieder:etwa 30 Probenort:Chorsaal der Dommusik Lieblingsurlaubsort:Domchorkotten Geschwister:Gemeinsam mit der Domsingschule und dem Domchor bin ich Teil der Chorfamilie der Ch\u00f6re am Dom Lieblingswerk:&#8222;Annelies&#8220; von James Whitbournauf Basis von Texten aus dem Tagebuch der Anne Frank Repertoire:Schwerpunktm\u00e4\u00dfig besteht [&hellip;]<\/p>\n","protected":false},"author":2,"featured_media":0,"parent":0,"menu_order":0,"comment_status":"closed","ping_status":"closed","template":"","meta":{"_uag_custom_page_level_css":"","site-sidebar-layout":"default","site-content-layout":"","ast-site-content-layout":"default","site-content-style":"default","site-sidebar-style":"default","ast-global-header-display":"","ast-banner-title-visibility":"","ast-main-header-display":"","ast-hfb-above-header-display":"","ast-hfb-below-header-display":"","ast-hfb-mobile-header-display":"","site-post-title":"disabled","ast-breadcrumbs-content":"","ast-featured-img":"","footer-sml-layout":"","ast-disable-related-posts":"","theme-transparent-header-meta":"","adv-header-id-meta":"","stick-header-meta":"","header-above-stick-meta":"","header-main-stick-meta":"","header-below-stick-meta":"","astra-migrate-meta-layouts":"default","ast-page-background-enabled":"default","ast-page-background-meta":{"desktop":{"background-color":"var(--ast-global-color-5)","background-image":"","background-repeat":"repeat","background-position":"center center","background-size":"auto","background-attachment":"scroll","background-type":"","background-media":"","overlay-type":"","overlay-color":"","overlay-opacity":"","overlay-gradient":""},"tablet":{"background-color":"","background-image":"","background-repeat":"repeat","background-position":"center center","background-size":"auto","background-attachment":"scroll","background-type":"","background-media":"","overlay-type":"","overlay-color":"","overlay-opacity":"","overlay-gradient":""},"mobile":{"background-color":"","background-image":"","background-repeat":"repeat","background-position":"center center","background-size":"auto","background-attachment":"scroll","background-type":"","background-media":"","overlay-type":"","overlay-color":"","overlay-opacity":"","overlay-gradient":""}},"ast-content-background-meta":{"desktop":{"background-color":"var(--ast-global-color-4)","background-image":"","background-repeat":"repeat","background-position":"center center","background-size":"auto","background-attachment":"scroll","background-type":"","background-media":"","overlay-type":"","overlay-color":"","overlay-opacity":"","overlay-gradient":""},"tablet":{"background-color":"var(--ast-global-color-4)","background-image":"","background-repeat":"repeat","background-position":"center center","background-size":"auto","background-attachment":"scroll","background-type":"","background-media":"","overlay-type":"","overlay-color":"","overlay-opacity":"","overlay-gradient":""},"mobile":{"background-color":"var(--ast-global-color-4)","background-image":"","background-repeat":"repeat","background-position":"center center","background-size":"auto","background-attachment":"scroll","background-type":"","background-media":"","overlay-type":"","overlay-color":"","overlay-opacity":"","overlay-gradient":""}},"footnotes":""},"class_list":["post-20","page","type-page","status-publish","hentry"],"uagb_featured_image_src":{"full":false,"thumbnail":false,"medium":false,"medium_large":false,"large":false,"1536x1536":false,"2048x2048":false},"uagb_author_info":{"display_name":"Richard Kullmann","author_link":"https:\/\/os-jugendchor.de\/index.php\/author\/richard\/"},"uagb_comment_info":0,"uagb_excerpt":"Foto: Stefan St\u00e4rker Mein Steckbrief Das bin ich! Name:Osnabr\u00fccker Jugendchor Spitzname:OJC Rechtsform:eingetragener Verein (e.V.) Geburtstag:08. M\u00e4rz 1974 aktive Mitglieder:etwa 30 Probenort:Chorsaal der Dommusik Lieblingsurlaubsort:Domchorkotten Geschwister:Gemeinsam mit der Domsingschule und dem Domchor bin ich Teil der Chorfamilie der Ch\u00f6re am Dom Lieblingswerk:&#8222;Annelies&#8220; von James Whitbournauf Basis von Texten aus dem Tagebuch der Anne Frank Repertoire:Schwerpunktm\u00e4\u00dfig besteht&hellip;","_links":{"self":[{"href":"https:\/\/os-jugendchor.de\/index.php\/wp-json\/wp\/v2\/pages\/20","targetHints":{"allow":["GET"]}}],"collection":[{"href":"https:\/\/os-jugendchor.de\/index.php\/wp-json\/wp\/v2\/pages"}],"about":[{"href":"https:\/\/os-jugendchor.de\/index.php\/wp-json\/wp\/v2\/types\/page"}],"author":[{"embeddable":true,"href":"https:\/\/os-jugendchor.de\/index.php\/wp-json\/wp\/v2\/users\/2"}],"replies":[{"embeddable":true,"href":"https:\/\/os-jugendchor.de\/index.php\/wp-json\/wp\/v2\/comments?post=20"}],"version-history":[{"count":396,"href":"https:\/\/os-jugendchor.de\/index.php\/wp-json\/wp\/v2\/pages\/20\/revisions"}],"predecessor-version":[{"id":2435,"href":"https:\/\/os-jugendchor.de\/index.php\/wp-json\/wp\/v2\/pages\/20\/revisions\/2435"}],"wp:attachment":[{"href":"https:\/\/os-jugendchor.de\/index.php\/wp-json\/wp\/v2\/media?parent=20"}],"curies":[{"name":"wp","href":"https:\/\/api.w.org\/{rel}","templated":true}]}}